{"version":"1.0","provider_name":"T\u00e9l\u00e9communications de l\u2019Est","provider_url":"https:\/\/www.tde.ca\/fr\/","author_name":"Benoit Bouchard","author_url":"https:\/\/www.tde.ca\/fr\/author\/bbouchard\/","title":"T\u00e9l\u00e9communications de l'Est (TDE) joint le groupe Iristel | T\u00e9l\u00e9communications de l\u2019Est","type":"rich","width":600,"height":338,"html":"<blockquote class=\"wp-embedded-content\" data-secret=\"ckMCFmVqs5\"><a href=\"https:\/\/www.tde.ca\/fr\/nouvelles\/telecommunications-de-lest-tde-joint-le-groupe-iristel\/\">T\u00e9l\u00e9communications de l&#8217;Est (TDE) joint le groupe Iristel<\/a><\/blockquote><iframe sandbox=\"allow-scripts\" security=\"restricted\" src=\"https:\/\/www.tde.ca\/fr\/nouvelles\/telecommunications-de-lest-tde-joint-le-groupe-iristel\/embed\/#?secret=ckMCFmVqs5\" width=\"600\" height=\"338\" title=\"\u00ab\u00a0T\u00e9l\u00e9communications de l&#8217;Est (TDE) joint le groupe Iristel\u00a0\u00bb &#8212; T\u00e9l\u00e9communications de l\u2019Est\" data-secret=\"ckMCFmVqs5\" frameborder=\"0\" marginwidth=\"0\" marginheight=\"0\" scrolling=\"no\" class=\"wp-embedded-content\"><\/iframe><script type=\"text\/javascript\">\n\/* <![CDATA[ *\/\n\/*! This file is auto-generated *\/\n!function(d,l){\"use strict\";l.querySelector&&d.addEventListener&&\"undefined\"!=typeof URL&&(d.wp=d.wp||{},d.wp.receiveEmbedMessage||(d.wp.receiveEmbedMessage=function(e){var t=e.data;if((t||t.secret||t.message||t.value)&&!\/[^a-zA-Z0-9]\/.test(t.secret)){for(var s,r,n,a=l.querySelectorAll('iframe[data-secret=\"'+t.secret+'\"]'),o=l.querySelectorAll('blockquote[data-secret=\"'+t.secret+'\"]'),c=new RegExp(\"^https?:$\",\"i\"),i=0;i<o.length;i++)o[i].style.display=\"none\";for(i=0;i<a.length;i++)s=a[i],e.source===s.contentWindow&&(s.removeAttribute(\"style\"),\"height\"===t.message?(1e3<(r=parseInt(t.value,10))?r=1e3:~~r<200&&(r=200),s.height=r):\"link\"===t.message&&(r=new URL(s.getAttribute(\"src\")),n=new URL(t.value),c.test(n.protocol))&&n.host===r.host&&l.activeElement===s&&(d.top.location.href=t.value))}},d.addEventListener(\"message\",d.wp.receiveEmbedMessage,!1),l.addEventListener(\"DOMContentLoaded\",function(){for(var e,t,s=l.querySelectorAll(\"iframe.wp-embedded-content\"),r=0;r<s.length;r++)(t=(e=s[r]).getAttribute(\"data-secret\"))||(t=Math.random().toString(36).substring(2,12),e.src+=\"#?secret=\"+t,e.setAttribute(\"data-secret\",t)),e.contentWindow.postMessage({message:\"ready\",secret:t},\"*\")},!1)))}(window,document);\n\/* ]]> *\/\n<\/script>\n","thumbnail_url":"https:\/\/www.tde.ca\/wp-content\/uploads\/2021\/02\/Photo-9-Iristel.jpg","thumbnail_width":570,"thumbnail_height":380,"description":"TDE, une entreprise r\u00e9gionale de t\u00e9l\u00e9communications, est heureuse d'annoncer qu'elle joint le groupe Iristel en int\u00e9grant sa filiale ImobileCa, et ce, dans l'objectif d'offrir de nouveaux services de t\u00e9l\u00e9communications dans les r\u00e9gions de la C\u00f4te-Nord, de la Gasp\u00e9sie, du Bas-Saint-Laurent et de Qu\u00e9bec."}